{"id":4735,"date":"2024-03-04T16:05:34","date_gmt":"2024-03-04T15:05:34","guid":{"rendered":"http:\/\/www.lac.universite-paris-saclay.fr\/?page_id=4735"},"modified":"2024-03-06T16:16:17","modified_gmt":"2024-03-06T15:16:17","slug":"christophe-siour","status":"publish","type":"page","link":"http:\/\/www.lac.universite-paris-saclay.fr\/?page_id=4735","title":{"rendered":"Christophe Siour"},"content":{"rendered":"\n<p><\/p>\n\n\n\n<p><\/p>\n\n\n\n<p><\/p>\n\n\n<p><img loading=\"lazy\" decoding=\"async\" class=\"size-thumbnail wp-image-4843 alignright\" src=\"http:\/\/www.lac.universite-paris-saclay.fr\/wp-content\/uploads\/2024\/03\/cs-150x150.png\" alt=\"\" width=\"150\" height=\"150\" srcset=\"http:\/\/www.lac.universite-paris-saclay.fr\/wp-content\/uploads\/2024\/03\/cs-150x150.png 150w, http:\/\/www.lac.universite-paris-saclay.fr\/wp-content\/uploads\/2024\/03\/cs-1200x1200.png 1200w, http:\/\/www.lac.universite-paris-saclay.fr\/wp-content\/uploads\/2024\/03\/cs-600x600.png 600w\" sizes=\"(max-width: 150px) 85vw, 150px\" \/><\/p>\n<p>\u00a0<\/p>\n<h2><strong>Christophe Siour<\/strong><\/h2>\n<ul>\n<li>Assistant Ing\u00e9nieur en Optique et LASER depuis 2009<\/li>\n<li>Coordinateur LAC TECH\u2019<\/li>\n<li>Responsable Infrastructures des exp\u00e9riences<\/li>\n<li>Assistant de pr\u00e9vention depuis 2015<\/li>\n<li>Membre \u00e9lus du conseil de Laboratoire et VP depuis 2018<\/li>\n<\/ul>\n<p>Apr\u00e8s l&#8217;ach\u00e8vement de ma licence professionnelle en optique en 2007 et une exp\u00e9rience de deux ann\u00e9es au sein de la soci\u00e9t\u00e9 LABORATOIRE 2M CONTACT, j&#8217;ai int\u00e9gr\u00e9 le CNRS en 2009 en tant qu&#8217;assistant ing\u00e9nieur en optique au laboratoire Aim\u00e9 Cotton (LAC). Le LAC est une Unit\u00e9 Mixte de Recherche (UMR) en physique fondamentale et appliqu\u00e9e d\u2019une quarantaine de personnes dont les travaux s\u2019orientent sur l\u2019utilisation du rayonnement laser, notamment pour l\u2019\u00e9tude de la mati\u00e8re froide. J\u2019y ai dans un premier temps exerc\u00e9 des activit\u00e9s de conception et mise au point des syst\u00e8mes optiques et laser en bin\u00f4me avec un IRHC instrumentaliste. Depuis 2015, je me consacre \u00e9galement \u00e0 la mission d&#8217;assistant de pr\u00e9vention. En 2019 une partie de mes activit\u00e9s a \u00e9volu\u00e9 vers des op\u00e9rations logistiques de gestion de patrimoine immobilier dans le contexte particulier d\u2019un laboratoire de physique \u00e0 l\u2019occasion de l\u2019op\u00e9ration de d\u00e9m\u00e9nagement et r\u00e9am\u00e9nagement du b\u00e2timent d\u2019accueil du laboratoire dans le cadre de sa r\u00e9novation. J\u2019ai pris en responsabilit\u00e9 une cellule infrastructure des exp\u00e9riences cr\u00e9\u00e9e en 2021 pour cette occasion et p\u00e9rennis\u00e9e depuis. Conservant mes activit\u00e9s techniques, j\u2019ai \u00e9galement pris en charge la responsabilit\u00e9 de la coordination de la plateforme de d\u00e9veloppement instrumental LAC TECH\u2019 en 2023.<\/p>\n<p>\u00a0<\/p>\n<h2 style=\"text-align: center;\"><strong>Optique et LASER<\/strong><\/h2>\n<p><img loading=\"lazy\" decoding=\"async\" class=\"alignnone wp-image-4756 size-full\" src=\"http:\/\/www.lac.universite-paris-saclay.fr\/wp-content\/uploads\/2024\/03\/image001.jpg\" alt=\"\" width=\"559\" height=\"419\" srcset=\"http:\/\/www.lac.universite-paris-saclay.fr\/wp-content\/uploads\/2024\/03\/image001.jpg 559w, http:\/\/www.lac.universite-paris-saclay.fr\/wp-content\/uploads\/2024\/03\/image001-300x225.jpg 300w, http:\/\/www.lac.universite-paris-saclay.fr\/wp-content\/uploads\/2024\/03\/image001-200x150.jpg 200w, http:\/\/www.lac.universite-paris-saclay.fr\/wp-content\/uploads\/2024\/03\/image001-400x300.jpg 400w\" sizes=\"(max-width: 559px) 85vw, 559px\" \/><img loading=\"lazy\" decoding=\"async\" class=\"size-full wp-image-4757 alignright\" src=\"http:\/\/www.lac.universite-paris-saclay.fr\/wp-content\/uploads\/2024\/03\/image004.jpg\" alt=\"\" width=\"236\" height=\"178\" srcset=\"http:\/\/www.lac.universite-paris-saclay.fr\/wp-content\/uploads\/2024\/03\/image004.jpg 236w, http:\/\/www.lac.universite-paris-saclay.fr\/wp-content\/uploads\/2024\/03\/image004-200x151.jpg 200w\" sizes=\"(max-width: 236px) 85vw, 236px\" \/><\/p>\n<p>Participation \u00e0 la r\u00e9alisation d\u2019un laser QCW \u00e0 510 nm pour le groupe MAFFIC (assemblage et optimisation de la partie pompage laser, r\u00e9alisation de l\u2019alignement de la cavit\u00e9 en anneau, c\u00e2blage, et conception et mise en place du capotage de l\u2019ensemble)<\/p>\n<p>Avant<\/p>\n<p><img loading=\"lazy\" decoding=\"async\" class=\"alignnone wp-image-4758 size-full\" src=\"http:\/\/www.lac.universite-paris-saclay.fr\/wp-content\/uploads\/2024\/03\/image009.jpg\" alt=\"\" width=\"676\" height=\"572\" srcset=\"http:\/\/www.lac.universite-paris-saclay.fr\/wp-content\/uploads\/2024\/03\/image009.jpg 676w, http:\/\/www.lac.universite-paris-saclay.fr\/wp-content\/uploads\/2024\/03\/image009-300x254.jpg 300w, http:\/\/www.lac.universite-paris-saclay.fr\/wp-content\/uploads\/2024\/03\/image009-200x169.jpg 200w, http:\/\/www.lac.universite-paris-saclay.fr\/wp-content\/uploads\/2024\/03\/image009-400x338.jpg 400w\" sizes=\"(max-width: 676px) 85vw, 676px\" \/> \u00a0\u00a0\u00a0\u00a0\u00a0\u00a0\u00a0\u00a0 <img loading=\"lazy\" decoding=\"async\" class=\"alignnone wp-image-4759 size-full\" src=\"http:\/\/www.lac.universite-paris-saclay.fr\/wp-content\/uploads\/2024\/03\/image005.jpg\" alt=\"\" width=\"640\" height=\"458\" srcset=\"http:\/\/www.lac.universite-paris-saclay.fr\/wp-content\/uploads\/2024\/03\/image005.jpg 640w, http:\/\/www.lac.universite-paris-saclay.fr\/wp-content\/uploads\/2024\/03\/image005-300x215.jpg 300w, http:\/\/www.lac.universite-paris-saclay.fr\/wp-content\/uploads\/2024\/03\/image005-200x143.jpg 200w, http:\/\/www.lac.universite-paris-saclay.fr\/wp-content\/uploads\/2024\/03\/image005-400x286.jpg 400w\" sizes=\"(max-width: 640px) 85vw, 640px\" \/><\/p>\n<p>Apr\u00e8s\u00a0\u00a0\u00a0\u00a0\u00a0\u00a0\u00a0\u00a0\u00a0\u00a0\u00a0\u00a0\u00a0\u00a0\u00a0\u00a0 <img loading=\"lazy\" decoding=\"async\" class=\"alignnone wp-image-4760 size-full\" src=\"http:\/\/www.lac.universite-paris-saclay.fr\/wp-content\/uploads\/2024\/03\/image007.jpg\" alt=\"\" width=\"449\" height=\"599\" srcset=\"http:\/\/www.lac.universite-paris-saclay.fr\/wp-content\/uploads\/2024\/03\/image007.jpg 449w, http:\/\/www.lac.universite-paris-saclay.fr\/wp-content\/uploads\/2024\/03\/image007-225x300.jpg 225w, http:\/\/www.lac.universite-paris-saclay.fr\/wp-content\/uploads\/2024\/03\/image007-200x267.jpg 200w, http:\/\/www.lac.universite-paris-saclay.fr\/wp-content\/uploads\/2024\/03\/image007-400x534.jpg 400w\" sizes=\"(max-width: 449px) 85vw, 449px\" \/> \u00a0<\/p>\n<ul>\n<li style=\"text-align: left;\">Modification et remise en route d\u2019un laser YAG QCW (LYMAN ALPHA)<\/li>\n<li style=\"text-align: left;\">Conception de la cavit\u00e9 revue et d\u2019un four doubleur<\/li>\n<li style=\"text-align: left;\">R\u00e9alisation de l\u2019alignement de la cavit\u00e9 en anneau<\/li>\n<li style=\"text-align: left;\">C\u00e2blage, conception et mise en place du capotage de l\u2019ensemble<\/li>\n<\/ul>\n<p><strong><u>Projet LASANTI CERN<\/u><\/strong><\/p>\n<p><img loading=\"lazy\" decoding=\"async\" class=\"alignnone size-full wp-image-4761\" src=\"http:\/\/www.lac.universite-paris-saclay.fr\/wp-content\/uploads\/2024\/03\/image011.png\" alt=\"\" width=\"1626\" height=\"911\" srcset=\"http:\/\/www.lac.universite-paris-saclay.fr\/wp-content\/uploads\/2024\/03\/image011.png 1626w, http:\/\/www.lac.universite-paris-saclay.fr\/wp-content\/uploads\/2024\/03\/image011-300x168.png 300w, http:\/\/www.lac.universite-paris-saclay.fr\/wp-content\/uploads\/2024\/03\/image011-1024x574.png 1024w, http:\/\/www.lac.universite-paris-saclay.fr\/wp-content\/uploads\/2024\/03\/image011-768x430.png 768w, http:\/\/www.lac.universite-paris-saclay.fr\/wp-content\/uploads\/2024\/03\/image011-1536x861.png 1536w, http:\/\/www.lac.universite-paris-saclay.fr\/wp-content\/uploads\/2024\/03\/image011-200x112.png 200w, http:\/\/www.lac.universite-paris-saclay.fr\/wp-content\/uploads\/2024\/03\/image011-400x224.png 400w, http:\/\/www.lac.universite-paris-saclay.fr\/wp-content\/uploads\/2024\/03\/image011-1200x672.png 1200w\" sizes=\"(max-width: 709px) 85vw, (max-width: 909px) 67vw, (max-width: 1362px) 62vw, 840px\" \/><\/p>\n<p style=\"text-align: left;\">\u00a0<\/p>\n<p><img loading=\"lazy\" decoding=\"async\" class=\"alignnone size-full wp-image-4762\" src=\"http:\/\/www.lac.universite-paris-saclay.fr\/wp-content\/uploads\/2024\/03\/image013.jpg\" alt=\"\" width=\"640\" height=\"480\" srcset=\"http:\/\/www.lac.universite-paris-saclay.fr\/wp-content\/uploads\/2024\/03\/image013.jpg 640w, http:\/\/www.lac.universite-paris-saclay.fr\/wp-content\/uploads\/2024\/03\/image013-300x225.jpg 300w, http:\/\/www.lac.universite-paris-saclay.fr\/wp-content\/uploads\/2024\/03\/image013-200x150.jpg 200w, http:\/\/www.lac.universite-paris-saclay.fr\/wp-content\/uploads\/2024\/03\/image013-400x300.jpg 400w\" sizes=\"(max-width: 640px) 85vw, 640px\" \/><\/p>\n<p><img loading=\"lazy\" decoding=\"async\" class=\"alignnone size-full wp-image-4763\" src=\"http:\/\/www.lac.universite-paris-saclay.fr\/wp-content\/uploads\/2024\/03\/image015.jpg\" alt=\"\" width=\"640\" height=\"480\" srcset=\"http:\/\/www.lac.universite-paris-saclay.fr\/wp-content\/uploads\/2024\/03\/image015.jpg 640w, http:\/\/www.lac.universite-paris-saclay.fr\/wp-content\/uploads\/2024\/03\/image015-300x225.jpg 300w, http:\/\/www.lac.universite-paris-saclay.fr\/wp-content\/uploads\/2024\/03\/image015-200x150.jpg 200w, http:\/\/www.lac.universite-paris-saclay.fr\/wp-content\/uploads\/2024\/03\/image015-400x300.jpg 400w\" sizes=\"(max-width: 640px) 85vw, 640px\" \/><\/p>\n<p>D\u00e9veloppement d\u2019un laser puls\u00e9 nanoseconde dans le but de produire de l\u2019anti hydrog\u00e8ne.<\/p>\n<p>Caract\u00e9ristiques :<\/p>\n<ul>\n<li>Impulsions de 40 ns \u00e0 10Hz, \u00e9nergie de quelques mJ<\/li>\n<li>Largeur spectrale 50MHz<\/li>\n<li>Longueur d\u2019onde accordable entre 720 et 730 nm<\/li>\n<\/ul>\n<p>M\u00e9tiers impliqu\u00e9s :<\/p>\n<ul>\n<li>O&amp;L : D\u00e9veloppements et mise au point optique<\/li>\n<li>SE&amp;S : D\u00e9veloppement de l\u2019asservissement num\u00e9rique<\/li>\n<li>BE&amp;I3D, P&amp;M : d\u00e9veloppements m\u00e9caniques<\/li>\n<\/ul>\n<p>Point remarquable :<\/p>\n<ul>\n<li>R\u00e9alis\u00e9 dans le cadre d\u2019une collaboration avec le CERN<\/li>\n<\/ul>\n<h3 style=\"text-align: center;\"><strong>Coordination LAC TECH\u2019<\/strong><\/h3>\n<p>L\u2019activit\u00e9 de coordination du LAC TECH\u2019 exerc\u00e9e jusqu\u2019en 2023 par le sous-directeur du LAC consiste en l\u2019organisation de r\u00e9unions hebdomadaires, que j&#8217;anime en utilisant un tableau Excel de suivi des projets. Lors de ces r\u00e9unions, je r\u00e9partis les t\u00e2ches, indique les priorit\u00e9s et pr\u00e9cise d\u00e9lais, et planifie les points d\u2019avancement \u00e0 venir. La gestion des demandes de commandes du LAC TECH&#8217; ainsi que le suivi du budget (15 k\u20ac) font \u00e9galement partie de mes responsabilit\u00e9s. Dans le cadre de ces r\u00e9unions hebdomadaires, j&#8217;encourage mes coll\u00e8gues techniciens \u00e0 assumer la responsabilit\u00e9 de certains projets. Cette d\u00e9marche vise \u00e0 all\u00e9ger la charge de travail du Bureau d&#8217;\u00e9tudes, d\u00e9j\u00e0 consid\u00e9rable, et \u00e0 favoriser leur mont\u00e9e en comp\u00e9tences. L&#8217;objectif \u00e9tant de les valoriser professionnellement, de les faire \u00e9voluer, en leur donnant une certaine autonomie. Je les incite \u00e9galement \u00e0 prendre en charge la gestion de plateformes, notamment notre plateforme de fabrication additive 3D.<\/p>\n<p style=\"text-align: center;\"><u>Tableau de suivit de projet<\/u><\/p>\n<p>\u00a0<\/p>\n<p><img loading=\"lazy\" decoding=\"async\" class=\"alignnone  wp-image-4765\" src=\"http:\/\/www.lac.universite-paris-saclay.fr\/wp-content\/uploads\/2024\/03\/image017.png\" alt=\"\" width=\"2560\" height=\"1440\" srcset=\"http:\/\/www.lac.universite-paris-saclay.fr\/wp-content\/uploads\/2024\/03\/image017.png 2560w, http:\/\/www.lac.universite-paris-saclay.fr\/wp-content\/uploads\/2024\/03\/image017-300x169.png 300w, http:\/\/www.lac.universite-paris-saclay.fr\/wp-content\/uploads\/2024\/03\/image017-1024x576.png 1024w, http:\/\/www.lac.universite-paris-saclay.fr\/wp-content\/uploads\/2024\/03\/image017-768x432.png 768w, http:\/\/www.lac.universite-paris-saclay.fr\/wp-content\/uploads\/2024\/03\/image017-1536x864.png 1536w, http:\/\/www.lac.universite-paris-saclay.fr\/wp-content\/uploads\/2024\/03\/image017-2048x1152.png 2048w, http:\/\/www.lac.universite-paris-saclay.fr\/wp-content\/uploads\/2024\/03\/image017-200x113.png 200w, http:\/\/www.lac.universite-paris-saclay.fr\/wp-content\/uploads\/2024\/03\/image017-400x225.png 400w, http:\/\/www.lac.universite-paris-saclay.fr\/wp-content\/uploads\/2024\/03\/image017-1200x675.png 1200w\" sizes=\"(max-width: 709px) 85vw, (max-width: 909px) 67vw, (max-width: 1362px) 62vw, 840px\" \/><\/p>\n<p style=\"text-align: center;\"><strong>Infrastructures des exp\u00e9riences<\/strong><\/p>\n<p><strong><u>HBEAM<\/u><\/strong><\/p>\n<p><em>Objectif exp\u00e9rience op\u00e9rationnelle en 1 mois.<\/em><\/p>\n<ul>\n<li><em>Mise en place d\u2019un quadrillage technique au plafond.<\/em><\/li>\n<li><em>Installation du jet D\u2019anti hydrog\u00e8ne<\/em><\/li>\n<li><em>Mise en place (manutention) et alignement M\u00e9canique (plaques de r\u00e9partition de charge et mise \u00e0 niveau).<\/em><\/li>\n<li><em>Changement des prises \u00e9lectriques suisses par des prises europ\u00e9ennes, installation de 2 tableaux \u00e9lectriques blancs, branchement des fluides (Air comprim\u00e9, eau).<\/em><\/li>\n<li><em>Installation du mobilier et mise en place d\u2019une \u00e9vacuation des gaz de pompes.<\/em><\/li>\n<\/ul>\n<p>Toute cette installation a dur\u00e9 3 semaines.<\/p>\n<p><img loading=\"lazy\" decoding=\"async\" class=\"alignnone size-full wp-image-4768\" src=\"http:\/\/www.lac.universite-paris-saclay.fr\/wp-content\/uploads\/2024\/03\/image019.jpg\" alt=\"\" width=\"1386\" height=\"1040\" srcset=\"http:\/\/www.lac.universite-paris-saclay.fr\/wp-content\/uploads\/2024\/03\/image019.jpg 1386w, http:\/\/www.lac.universite-paris-saclay.fr\/wp-content\/uploads\/2024\/03\/image019-300x225.jpg 300w, http:\/\/www.lac.universite-paris-saclay.fr\/wp-content\/uploads\/2024\/03\/image019-1024x768.jpg 1024w, http:\/\/www.lac.universite-paris-saclay.fr\/wp-content\/uploads\/2024\/03\/image019-768x576.jpg 768w, http:\/\/www.lac.universite-paris-saclay.fr\/wp-content\/uploads\/2024\/03\/image019-200x150.jpg 200w, http:\/\/www.lac.universite-paris-saclay.fr\/wp-content\/uploads\/2024\/03\/image019-400x300.jpg 400w, http:\/\/www.lac.universite-paris-saclay.fr\/wp-content\/uploads\/2024\/03\/image019-1200x900.jpg 1200w\" sizes=\"(max-width: 709px) 85vw, (max-width: 909px) 67vw, (max-width: 1362px) 62vw, 840px\" \/><\/p>\n<p style=\"text-align: center;\"><strong>Infrastructures des exp\u00e9riences<\/strong><\/p>\n<p>\u00a0<\/p>\n<p><img loading=\"lazy\" decoding=\"async\" class=\"alignnone size-full wp-image-4769\" src=\"http:\/\/www.lac.universite-paris-saclay.fr\/wp-content\/uploads\/2024\/03\/image021.jpg\" alt=\"\" width=\"660\" height=\"495\" srcset=\"http:\/\/www.lac.universite-paris-saclay.fr\/wp-content\/uploads\/2024\/03\/image021.jpg 660w, http:\/\/www.lac.universite-paris-saclay.fr\/wp-content\/uploads\/2024\/03\/image021-300x225.jpg 300w, http:\/\/www.lac.universite-paris-saclay.fr\/wp-content\/uploads\/2024\/03\/image021-200x150.jpg 200w, http:\/\/www.lac.universite-paris-saclay.fr\/wp-content\/uploads\/2024\/03\/image021-400x300.jpg 400w\" sizes=\"(max-width: 660px) 85vw, 660px\" \/><\/p>\n<p>Fabrication d\u2019un tuyau avec connecteurs rapides permettant le raccordement\u00a0 sur le r\u00e9seau des \u00e9vacuations de d\u00e9gazages<\/p>\n<p><img loading=\"lazy\" decoding=\"async\" class=\"alignnone size-full wp-image-4771\" src=\"http:\/\/www.lac.universite-paris-saclay.fr\/wp-content\/uploads\/2024\/03\/image023.jpg\" alt=\"\" width=\"1064\" height=\"797\" srcset=\"http:\/\/www.lac.universite-paris-saclay.fr\/wp-content\/uploads\/2024\/03\/image023.jpg 1064w, http:\/\/www.lac.universite-paris-saclay.fr\/wp-content\/uploads\/2024\/03\/image023-300x225.jpg 300w, http:\/\/www.lac.universite-paris-saclay.fr\/wp-content\/uploads\/2024\/03\/image023-1024x767.jpg 1024w, http:\/\/www.lac.universite-paris-saclay.fr\/wp-content\/uploads\/2024\/03\/image023-768x575.jpg 768w, http:\/\/www.lac.universite-paris-saclay.fr\/wp-content\/uploads\/2024\/03\/image023-200x150.jpg 200w, http:\/\/www.lac.universite-paris-saclay.fr\/wp-content\/uploads\/2024\/03\/image023-400x300.jpg 400w\" sizes=\"(max-width: 709px) 85vw, (max-width: 909px) 67vw, (max-width: 1362px) 62vw, 840px\" \/><\/p>\n<p>Capotage des exp\u00e9riences<\/p>\n<p><img loading=\"lazy\" decoding=\"async\" class=\"alignnone size-full wp-image-4774\" src=\"http:\/\/www.lac.universite-paris-saclay.fr\/wp-content\/uploads\/2024\/03\/image028.jpg\" alt=\"\" width=\"305\" height=\"407\" srcset=\"http:\/\/www.lac.universite-paris-saclay.fr\/wp-content\/uploads\/2024\/03\/image028.jpg 305w, http:\/\/www.lac.universite-paris-saclay.fr\/wp-content\/uploads\/2024\/03\/image028-225x300.jpg 225w, http:\/\/www.lac.universite-paris-saclay.fr\/wp-content\/uploads\/2024\/03\/image028-200x267.jpg 200w\" sizes=\"(max-width: 305px) 85vw, 305px\" \/> <img loading=\"lazy\" decoding=\"async\" class=\"alignnone size-full wp-image-4773\" src=\"http:\/\/www.lac.universite-paris-saclay.fr\/wp-content\/uploads\/2024\/03\/image027.jpg\" alt=\"\" width=\"293\" height=\"390\" srcset=\"http:\/\/www.lac.universite-paris-saclay.fr\/wp-content\/uploads\/2024\/03\/image027.jpg 293w, http:\/\/www.lac.universite-paris-saclay.fr\/wp-content\/uploads\/2024\/03\/image027-225x300.jpg 225w, http:\/\/www.lac.universite-paris-saclay.fr\/wp-content\/uploads\/2024\/03\/image027-200x266.jpg 200w\" sizes=\"(max-width: 293px) 85vw, 293px\" \/> <img loading=\"lazy\" decoding=\"async\" class=\"alignnone size-full wp-image-4776\" src=\"http:\/\/www.lac.universite-paris-saclay.fr\/wp-content\/uploads\/2024\/03\/image025.jpg\" alt=\"\" width=\"536\" height=\"402\" srcset=\"http:\/\/www.lac.universite-paris-saclay.fr\/wp-content\/uploads\/2024\/03\/image025.jpg 536w, http:\/\/www.lac.universite-paris-saclay.fr\/wp-content\/uploads\/2024\/03\/image025-300x225.jpg 300w, http:\/\/www.lac.universite-paris-saclay.fr\/wp-content\/uploads\/2024\/03\/image025-200x150.jpg 200w, http:\/\/www.lac.universite-paris-saclay.fr\/wp-content\/uploads\/2024\/03\/image025-400x300.jpg 400w\" sizes=\"(max-width: 536px) 85vw, 536px\" \/><\/p>\n<p style=\"text-align: center;\"><strong>Infrastructures des exp\u00e9riences<\/strong><\/p>\n<p style=\"text-align: center;\"><img loading=\"lazy\" decoding=\"async\" class=\"alignnone size-full wp-image-4778\" src=\"http:\/\/www.lac.universite-paris-saclay.fr\/wp-content\/uploads\/2024\/03\/image031.jpg\" alt=\"\" width=\"673\" height=\"897\" srcset=\"http:\/\/www.lac.universite-paris-saclay.fr\/wp-content\/uploads\/2024\/03\/image031.jpg 673w, http:\/\/www.lac.universite-paris-saclay.fr\/wp-content\/uploads\/2024\/03\/image031-225x300.jpg 225w, http:\/\/www.lac.universite-paris-saclay.fr\/wp-content\/uploads\/2024\/03\/image031-200x267.jpg 200w, http:\/\/www.lac.universite-paris-saclay.fr\/wp-content\/uploads\/2024\/03\/image031-400x533.jpg 400w\" sizes=\"(max-width: 673px) 85vw, 673px\" \/><\/p>\n<p>Fabrication de protections \u00e9lectriques sur mesure<\/p>\n<p><img loading=\"lazy\" decoding=\"async\" class=\"alignnone size-full wp-image-4779\" src=\"http:\/\/www.lac.universite-paris-saclay.fr\/wp-content\/uploads\/2024\/03\/image034.jpg\" alt=\"\" width=\"367\" height=\"275\" srcset=\"http:\/\/www.lac.universite-paris-saclay.fr\/wp-content\/uploads\/2024\/03\/image034.jpg 367w, http:\/\/www.lac.universite-paris-saclay.fr\/wp-content\/uploads\/2024\/03\/image034-300x225.jpg 300w, http:\/\/www.lac.universite-paris-saclay.fr\/wp-content\/uploads\/2024\/03\/image034-200x150.jpg 200w\" sizes=\"(max-width: 367px) 85vw, 367px\" \/><\/p>\n<p>Mise en place d\u2019un quadrillage technique et d\u2019un ch\u00e2ssis au plafond de chaque salle<\/p>\n<p><img loading=\"lazy\" decoding=\"async\" class=\"alignnone size-full wp-image-4781\" src=\"http:\/\/www.lac.universite-paris-saclay.fr\/wp-content\/uploads\/2024\/03\/image035-1.jpg\" alt=\"\" width=\"640\" height=\"480\" srcset=\"http:\/\/www.lac.universite-paris-saclay.fr\/wp-content\/uploads\/2024\/03\/image035-1.jpg 640w, http:\/\/www.lac.universite-paris-saclay.fr\/wp-content\/uploads\/2024\/03\/image035-1-300x225.jpg 300w, http:\/\/www.lac.universite-paris-saclay.fr\/wp-content\/uploads\/2024\/03\/image035-1-200x150.jpg 200w, http:\/\/www.lac.universite-paris-saclay.fr\/wp-content\/uploads\/2024\/03\/image035-1-400x300.jpg 400w\" sizes=\"(max-width: 640px) 85vw, 640px\" \/><\/p>\n<p>Mise en place d\u2019une aspiration avec deux bras recycl\u00e9s au-dessus des imprimantes 3D<\/p>\n<p>\u00a0<\/p>\n<p style=\"text-align: center;\"><strong>Infrastructures des exp\u00e9riences<\/strong><\/p>\n<p><img loading=\"lazy\" decoding=\"async\" class=\"alignnone size-full wp-image-4783\" src=\"http:\/\/www.lac.universite-paris-saclay.fr\/wp-content\/uploads\/2024\/03\/image037.jpg\" alt=\"\" width=\"1475\" height=\"695\" srcset=\"http:\/\/www.lac.universite-paris-saclay.fr\/wp-content\/uploads\/2024\/03\/image037.jpg 1475w, http:\/\/www.lac.universite-paris-saclay.fr\/wp-content\/uploads\/2024\/03\/image037-300x141.jpg 300w, http:\/\/www.lac.universite-paris-saclay.fr\/wp-content\/uploads\/2024\/03\/image037-1024x482.jpg 1024w, http:\/\/www.lac.universite-paris-saclay.fr\/wp-content\/uploads\/2024\/03\/image037-768x362.jpg 768w, http:\/\/www.lac.universite-paris-saclay.fr\/wp-content\/uploads\/2024\/03\/image037-200x94.jpg 200w, http:\/\/www.lac.universite-paris-saclay.fr\/wp-content\/uploads\/2024\/03\/image037-400x188.jpg 400w, http:\/\/www.lac.universite-paris-saclay.fr\/wp-content\/uploads\/2024\/03\/image037-1200x565.jpg 1200w\" sizes=\"(max-width: 709px) 85vw, (max-width: 909px) 67vw, (max-width: 1362px) 62vw, 840px\" \/><\/p>\n<p>\u00a0<\/p>\n<p><img loading=\"lazy\" decoding=\"async\" class=\"alignnone size-full wp-image-4784\" src=\"http:\/\/www.lac.universite-paris-saclay.fr\/wp-content\/uploads\/2024\/03\/image039.jpg\" alt=\"\" width=\"610\" height=\"457\" srcset=\"http:\/\/www.lac.universite-paris-saclay.fr\/wp-content\/uploads\/2024\/03\/image039.jpg 610w, http:\/\/www.lac.universite-paris-saclay.fr\/wp-content\/uploads\/2024\/03\/image039-300x225.jpg 300w, http:\/\/www.lac.universite-paris-saclay.fr\/wp-content\/uploads\/2024\/03\/image039-200x150.jpg 200w, http:\/\/www.lac.universite-paris-saclay.fr\/wp-content\/uploads\/2024\/03\/image039-400x300.jpg 400w\" sizes=\"(max-width: 610px) 85vw, 610px\" \/> <img loading=\"lazy\" decoding=\"async\" class=\"alignnone size-medium wp-image-4785\" src=\"http:\/\/www.lac.universite-paris-saclay.fr\/wp-content\/uploads\/2024\/03\/image041-300x225.jpg\" alt=\"\" width=\"300\" height=\"225\" srcset=\"http:\/\/www.lac.universite-paris-saclay.fr\/wp-content\/uploads\/2024\/03\/image041-300x225.jpg 300w, http:\/\/www.lac.universite-paris-saclay.fr\/wp-content\/uploads\/2024\/03\/image041-200x150.jpg 200w, http:\/\/www.lac.universite-paris-saclay.fr\/wp-content\/uploads\/2024\/03\/image041-400x300.jpg 400w, http:\/\/www.lac.universite-paris-saclay.fr\/wp-content\/uploads\/2024\/03\/image041.jpg 611w\" sizes=\"(max-width: 300px) 85vw, 300px\" \/><img loading=\"lazy\" decoding=\"async\" class=\"size-medium wp-image-4787 alignright\" src=\"http:\/\/www.lac.universite-paris-saclay.fr\/wp-content\/uploads\/2024\/03\/image045-300x225.jpg\" alt=\"\" width=\"300\" height=\"225\" srcset=\"http:\/\/www.lac.universite-paris-saclay.fr\/wp-content\/uploads\/2024\/03\/image045-300x225.jpg 300w, http:\/\/www.lac.universite-paris-saclay.fr\/wp-content\/uploads\/2024\/03\/image045-200x150.jpg 200w, http:\/\/www.lac.universite-paris-saclay.fr\/wp-content\/uploads\/2024\/03\/image045-400x300.jpg 400w, http:\/\/www.lac.universite-paris-saclay.fr\/wp-content\/uploads\/2024\/03\/image045.jpg 606w\" sizes=\"(max-width: 300px) 85vw, 300px\" \/><\/p>\n<p style=\"text-align: center;\">Am\u00e9nagements divers du laboratoire<\/p>\n<p><img loading=\"lazy\" decoding=\"async\" class=\"alignnone size-medium wp-image-4786\" src=\"http:\/\/www.lac.universite-paris-saclay.fr\/wp-content\/uploads\/2024\/03\/image043-300x225.jpg\" alt=\"\" width=\"300\" height=\"225\" srcset=\"http:\/\/www.lac.universite-paris-saclay.fr\/wp-content\/uploads\/2024\/03\/image043-300x225.jpg 300w, http:\/\/www.lac.universite-paris-saclay.fr\/wp-content\/uploads\/2024\/03\/image043-200x150.jpg 200w, http:\/\/www.lac.universite-paris-saclay.fr\/wp-content\/uploads\/2024\/03\/image043-400x300.jpg 400w, http:\/\/www.lac.universite-paris-saclay.fr\/wp-content\/uploads\/2024\/03\/image043.jpg 537w\" sizes=\"(max-width: 300px) 85vw, 300px\" \/><\/p>\n<p>\u00a0<\/p>\n<p><img loading=\"lazy\" decoding=\"async\" class=\"alignnone size-medium wp-image-4789\" src=\"http:\/\/www.lac.universite-paris-saclay.fr\/wp-content\/uploads\/2024\/03\/image049-300x225.jpg\" alt=\"\" width=\"300\" height=\"225\" srcset=\"http:\/\/www.lac.universite-paris-saclay.fr\/wp-content\/uploads\/2024\/03\/image049-300x225.jpg 300w, http:\/\/www.lac.universite-paris-saclay.fr\/wp-content\/uploads\/2024\/03\/image049-200x150.jpg 200w, http:\/\/www.lac.universite-paris-saclay.fr\/wp-content\/uploads\/2024\/03\/image049-400x300.jpg 400w, http:\/\/www.lac.universite-paris-saclay.fr\/wp-content\/uploads\/2024\/03\/image049.jpg 682w\" sizes=\"(max-width: 300px) 85vw, 300px\" \/> <img loading=\"lazy\" decoding=\"async\" class=\"size-medium wp-image-4788 alignright\" src=\"http:\/\/www.lac.universite-paris-saclay.fr\/wp-content\/uploads\/2024\/03\/image047-300x225.jpg\" alt=\"\" width=\"300\" height=\"225\" srcset=\"http:\/\/www.lac.universite-paris-saclay.fr\/wp-content\/uploads\/2024\/03\/image047-300x225.jpg 300w, http:\/\/www.lac.universite-paris-saclay.fr\/wp-content\/uploads\/2024\/03\/image047-200x150.jpg 200w, http:\/\/www.lac.universite-paris-saclay.fr\/wp-content\/uploads\/2024\/03\/image047-400x300.jpg 400w, http:\/\/www.lac.universite-paris-saclay.fr\/wp-content\/uploads\/2024\/03\/image047.jpg 649w\" sizes=\"(max-width: 300px) 85vw, 300px\" \/><\/p>\n<p>Mise en place de l\u2019affichage de s\u00e9curit\u00e9\u00a0\u00a0\u00a0\u00a0\u00a0\u00a0\u00a0\u00a0\u00a0\u00a0\u00a0\u00a0\u00a0\u00a0\u00a0\u00a0\u00a0\u00a0\u00a0\u00a0 Mise en place d\u2019une rambarde et de bande anti-d\u00e9rapantes<\/p>\n<p>\u00a0<\/p>\n<p><strong><img loading=\"lazy\" decoding=\"async\" class=\"alignnone size-full wp-image-4794\" src=\"http:\/\/www.lac.universite-paris-saclay.fr\/wp-content\/uploads\/2024\/03\/image051-1.jpg\" alt=\"\" width=\"619\" height=\"465\" srcset=\"http:\/\/www.lac.universite-paris-saclay.fr\/wp-content\/uploads\/2024\/03\/image051-1.jpg 619w, http:\/\/www.lac.universite-paris-saclay.fr\/wp-content\/uploads\/2024\/03\/image051-1-300x225.jpg 300w, http:\/\/www.lac.universite-paris-saclay.fr\/wp-content\/uploads\/2024\/03\/image051-1-200x150.jpg 200w, http:\/\/www.lac.universite-paris-saclay.fr\/wp-content\/uploads\/2024\/03\/image051-1-400x300.jpg 400w\" sizes=\"(max-width: 619px) 85vw, 619px\" \/><img loading=\"lazy\" decoding=\"async\" class=\"alignnone size-full wp-image-4795\" src=\"http:\/\/www.lac.universite-paris-saclay.fr\/wp-content\/uploads\/2024\/03\/image053-1.jpg\" alt=\"\" width=\"270\" height=\"203\" srcset=\"http:\/\/www.lac.universite-paris-saclay.fr\/wp-content\/uploads\/2024\/03\/image053-1.jpg 270w, http:\/\/www.lac.universite-paris-saclay.fr\/wp-content\/uploads\/2024\/03\/image053-1-200x150.jpg 200w\" sizes=\"(max-width: 270px) 85vw, 270px\" \/><\/strong>Am\u00e9nagements salle Jacquinot<strong><br \/><\/strong><\/p>\n<p><img loading=\"lazy\" decoding=\"async\" class=\"alignnone size-full wp-image-4796\" src=\"http:\/\/www.lac.universite-paris-saclay.fr\/wp-content\/uploads\/2024\/03\/image055.jpg\" alt=\"\" width=\"599\" height=\"449\" srcset=\"http:\/\/www.lac.universite-paris-saclay.fr\/wp-content\/uploads\/2024\/03\/image055.jpg 599w, http:\/\/www.lac.universite-paris-saclay.fr\/wp-content\/uploads\/2024\/03\/image055-300x225.jpg 300w, http:\/\/www.lac.universite-paris-saclay.fr\/wp-content\/uploads\/2024\/03\/image055-200x150.jpg 200w, http:\/\/www.lac.universite-paris-saclay.fr\/wp-content\/uploads\/2024\/03\/image055-400x300.jpg 400w\" sizes=\"(max-width: 599px) 85vw, 599px\" \/> <img loading=\"lazy\" decoding=\"async\" class=\"alignnone size-full wp-image-4797\" src=\"http:\/\/www.lac.universite-paris-saclay.fr\/wp-content\/uploads\/2024\/03\/image056.jpg\" alt=\"\" width=\"552\" height=\"414\" srcset=\"http:\/\/www.lac.universite-paris-saclay.fr\/wp-content\/uploads\/2024\/03\/image056.jpg 552w, http:\/\/www.lac.universite-paris-saclay.fr\/wp-content\/uploads\/2024\/03\/image056-300x225.jpg 300w, http:\/\/www.lac.universite-paris-saclay.fr\/wp-content\/uploads\/2024\/03\/image056-200x150.jpg 200w, http:\/\/www.lac.universite-paris-saclay.fr\/wp-content\/uploads\/2024\/03\/image056-400x300.jpg 400w\" sizes=\"(max-width: 552px) 85vw, 552px\" \/> <img loading=\"lazy\" decoding=\"async\" class=\"size-full wp-image-4798 alignright\" src=\"http:\/\/www.lac.universite-paris-saclay.fr\/wp-content\/uploads\/2024\/03\/image057.jpg\" alt=\"\" width=\"204\" height=\"273\" srcset=\"http:\/\/www.lac.universite-paris-saclay.fr\/wp-content\/uploads\/2024\/03\/image057.jpg 204w, http:\/\/www.lac.universite-paris-saclay.fr\/wp-content\/uploads\/2024\/03\/image057-200x268.jpg 200w\" sizes=\"(max-width: 204px) 85vw, 204px\" \/>\u00a0<\/p>\n<ul>\n<li>Dissimulation des c\u00e2bles<\/li>\n<li>Mise en place vid\u00e9oprojecteur<\/li>\n<li>Ecran et toile de projection<\/li>\n<\/ul>\n<p style=\"text-align: center;\"><strong>Coordination ComB\u00e2t<\/strong><\/p>\n<p><img loading=\"lazy\" decoding=\"async\" class=\"alignnone size-full wp-image-4801\" src=\"http:\/\/www.lac.universite-paris-saclay.fr\/wp-content\/uploads\/2024\/03\/image060.jpg\" alt=\"\" width=\"1600\" height=\"719\" srcset=\"http:\/\/www.lac.universite-paris-saclay.fr\/wp-content\/uploads\/2024\/03\/image060.jpg 1600w, http:\/\/www.lac.universite-paris-saclay.fr\/wp-content\/uploads\/2024\/03\/image060-300x135.jpg 300w, http:\/\/www.lac.universite-paris-saclay.fr\/wp-content\/uploads\/2024\/03\/image060-1024x460.jpg 1024w, http:\/\/www.lac.universite-paris-saclay.fr\/wp-content\/uploads\/2024\/03\/image060-768x345.jpg 768w, http:\/\/www.lac.universite-paris-saclay.fr\/wp-content\/uploads\/2024\/03\/image060-1536x690.jpg 1536w, http:\/\/www.lac.universite-paris-saclay.fr\/wp-content\/uploads\/2024\/03\/image060-200x90.jpg 200w, http:\/\/www.lac.universite-paris-saclay.fr\/wp-content\/uploads\/2024\/03\/image060-400x180.jpg 400w, http:\/\/www.lac.universite-paris-saclay.fr\/wp-content\/uploads\/2024\/03\/image060-1200x539.jpg 1200w\" sizes=\"(max-width: 709px) 85vw, (max-width: 909px) 67vw, (max-width: 1362px) 62vw, 840px\" \/><\/p>\n<p style=\"text-align: center;\">Projet\u00a0:<\/p>\n<p>Le projet avait pour objet la r\u00e9habilitation et l\u2019extension du B\u00e2timent 505 dans la ZAC du Moulon plateau de Saclay \u00e0 Orsay. Cette concerne l\u2019ensemble du b\u00e2timent \u00e0 l\u2019exception des zones de travaux anticip\u00e9s (Sous-sol de l\u2019aile centrale, RDC\u00a0: Laboratoires de l\u2019aile Est fa\u00e7ade Sud et bureaux de l\u2019aile centrale c\u00f4t\u00e9 Est, fa\u00e7ade Nord). Le b\u00e2timent a fait l\u2019objet d\u2019une r\u00e9habilitation lourde (D\u00e9molition et reconstruction de l\u2019aile Ouest, reprise totale des menuiseries ext\u00e9rieures et des fa\u00e7ades, reprise totale de la distribution, isolation globale, refonte des installations techniques\u2026) et de deux extensions. Une extension dans la zone logistique avec la cr\u00e9ation d\u2019un b\u00e2timent qui abritera les ateliers du LAC et une sur\u00e9l\u00e9vation de l\u2019aile centrale afin d\u2019y int\u00e9grer de nouveaux bureaux.<\/p>\n<p style=\"text-align: center;\"><u>Tableau de suivit des GPA<\/u><\/p>\n<p>\u00a0<\/p>\n<p><img loading=\"lazy\" decoding=\"async\" class=\"alignnone size-full wp-image-4803\" src=\"http:\/\/www.lac.universite-paris-saclay.fr\/wp-content\/uploads\/2024\/03\/image063.png\" alt=\"\" width=\"2560\" height=\"1440\" srcset=\"http:\/\/www.lac.universite-paris-saclay.fr\/wp-content\/uploads\/2024\/03\/image063.png 2560w, http:\/\/www.lac.universite-paris-saclay.fr\/wp-content\/uploads\/2024\/03\/image063-300x169.png 300w, http:\/\/www.lac.universite-paris-saclay.fr\/wp-content\/uploads\/2024\/03\/image063-1024x576.png 1024w, http:\/\/www.lac.universite-paris-saclay.fr\/wp-content\/uploads\/2024\/03\/image063-768x432.png 768w, http:\/\/www.lac.universite-paris-saclay.fr\/wp-content\/uploads\/2024\/03\/image063-1536x864.png 1536w, http:\/\/www.lac.universite-paris-saclay.fr\/wp-content\/uploads\/2024\/03\/image063-2048x1152.png 2048w, http:\/\/www.lac.universite-paris-saclay.fr\/wp-content\/uploads\/2024\/03\/image063-200x113.png 200w, http:\/\/www.lac.universite-paris-saclay.fr\/wp-content\/uploads\/2024\/03\/image063-400x225.png 400w, http:\/\/www.lac.universite-paris-saclay.fr\/wp-content\/uploads\/2024\/03\/image063-1200x675.png 1200w\" sizes=\"(max-width: 709px) 85vw, (max-width: 909px) 67vw, (max-width: 1362px) 62vw, 840px\" \/><\/p>\n<p style=\"text-align: center;\"><strong>Coordination ComB\u00e2t<\/strong><\/p>\n<p><img loading=\"lazy\" decoding=\"async\" class=\"alignnone size-full wp-image-4805\" src=\"http:\/\/www.lac.universite-paris-saclay.fr\/wp-content\/uploads\/2024\/03\/image064.jpg\" alt=\"\" width=\"1386\" height=\"674\" srcset=\"http:\/\/www.lac.universite-paris-saclay.fr\/wp-content\/uploads\/2024\/03\/image064.jpg 1386w, http:\/\/www.lac.universite-paris-saclay.fr\/wp-content\/uploads\/2024\/03\/image064-300x146.jpg 300w, http:\/\/www.lac.universite-paris-saclay.fr\/wp-content\/uploads\/2024\/03\/image064-1024x498.jpg 1024w, http:\/\/www.lac.universite-paris-saclay.fr\/wp-content\/uploads\/2024\/03\/image064-768x373.jpg 768w, http:\/\/www.lac.universite-paris-saclay.fr\/wp-content\/uploads\/2024\/03\/image064-200x97.jpg 200w, http:\/\/www.lac.universite-paris-saclay.fr\/wp-content\/uploads\/2024\/03\/image064-400x195.jpg 400w, http:\/\/www.lac.universite-paris-saclay.fr\/wp-content\/uploads\/2024\/03\/image064-1200x584.jpg 1200w\" sizes=\"(max-width: 709px) 85vw, (max-width: 909px) 67vw, (max-width: 1362px) 62vw, 840px\" \/> <img loading=\"lazy\" decoding=\"async\" class=\"alignnone size-full wp-image-4806\" src=\"http:\/\/www.lac.universite-paris-saclay.fr\/wp-content\/uploads\/2024\/03\/image066.jpg\" alt=\"\" width=\"1386\" height=\"674\" srcset=\"http:\/\/www.lac.universite-paris-saclay.fr\/wp-content\/uploads\/2024\/03\/image066.jpg 1386w, http:\/\/www.lac.universite-paris-saclay.fr\/wp-content\/uploads\/2024\/03\/image066-300x146.jpg 300w, http:\/\/www.lac.universite-paris-saclay.fr\/wp-content\/uploads\/2024\/03\/image066-1024x498.jpg 1024w, http:\/\/www.lac.universite-paris-saclay.fr\/wp-content\/uploads\/2024\/03\/image066-768x373.jpg 768w, http:\/\/www.lac.universite-paris-saclay.fr\/wp-content\/uploads\/2024\/03\/image066-200x97.jpg 200w, http:\/\/www.lac.universite-paris-saclay.fr\/wp-content\/uploads\/2024\/03\/image066-400x195.jpg 400w, http:\/\/www.lac.universite-paris-saclay.fr\/wp-content\/uploads\/2024\/03\/image066-1200x584.jpg 1200w\" sizes=\"(max-width: 709px) 85vw, (max-width: 909px) 67vw, (max-width: 1362px) 62vw, 840px\" \/> <img loading=\"lazy\" decoding=\"async\" class=\"alignnone size-full wp-image-4807\" src=\"http:\/\/www.lac.universite-paris-saclay.fr\/wp-content\/uploads\/2024\/03\/image068.jpg\" alt=\"\" width=\"1024\" height=\"768\" srcset=\"http:\/\/www.lac.universite-paris-saclay.fr\/wp-content\/uploads\/2024\/03\/image068.jpg 1024w, http:\/\/www.lac.universite-paris-saclay.fr\/wp-content\/uploads\/2024\/03\/image068-300x225.jpg 300w, http:\/\/www.lac.universite-paris-saclay.fr\/wp-content\/uploads\/2024\/03\/image068-768x576.jpg 768w, http:\/\/www.lac.universite-paris-saclay.fr\/wp-content\/uploads\/2024\/03\/image068-200x150.jpg 200w, http:\/\/www.lac.universite-paris-saclay.fr\/wp-content\/uploads\/2024\/03\/image068-400x300.jpg 400w\" sizes=\"(max-width: 709px) 85vw, (max-width: 909px) 67vw, (max-width: 1362px) 62vw, 840px\" \/> <img loading=\"lazy\" decoding=\"async\" class=\"alignnone size-full wp-image-4808\" src=\"http:\/\/www.lac.universite-paris-saclay.fr\/wp-content\/uploads\/2024\/03\/image070.jpg\" alt=\"\" width=\"1386\" height=\"674\" srcset=\"http:\/\/www.lac.universite-paris-saclay.fr\/wp-content\/uploads\/2024\/03\/image070.jpg 1386w, http:\/\/www.lac.universite-paris-saclay.fr\/wp-content\/uploads\/2024\/03\/image070-300x146.jpg 300w, http:\/\/www.lac.universite-paris-saclay.fr\/wp-content\/uploads\/2024\/03\/image070-1024x498.jpg 1024w, http:\/\/www.lac.universite-paris-saclay.fr\/wp-content\/uploads\/2024\/03\/image070-768x373.jpg 768w, http:\/\/www.lac.universite-paris-saclay.fr\/wp-content\/uploads\/2024\/03\/image070-200x97.jpg 200w, http:\/\/www.lac.universite-paris-saclay.fr\/wp-content\/uploads\/2024\/03\/image070-400x195.jpg 400w, http:\/\/www.lac.universite-paris-saclay.fr\/wp-content\/uploads\/2024\/03\/image070-1200x584.jpg 1200w\" sizes=\"(max-width: 709px) 85vw, (max-width: 909px) 67vw, (max-width: 1362px) 62vw, 840px\" \/> <img loading=\"lazy\" decoding=\"async\" class=\"alignnone size-full wp-image-4809\" src=\"http:\/\/www.lac.universite-paris-saclay.fr\/wp-content\/uploads\/2024\/03\/image072.jpg\" alt=\"\" width=\"1386\" height=\"674\" srcset=\"http:\/\/www.lac.universite-paris-saclay.fr\/wp-content\/uploads\/2024\/03\/image072.jpg 1386w, http:\/\/www.lac.universite-paris-saclay.fr\/wp-content\/uploads\/2024\/03\/image072-300x146.jpg 300w, http:\/\/www.lac.universite-paris-saclay.fr\/wp-content\/uploads\/2024\/03\/image072-1024x498.jpg 1024w, http:\/\/www.lac.universite-paris-saclay.fr\/wp-content\/uploads\/2024\/03\/image072-768x373.jpg 768w, http:\/\/www.lac.universite-paris-saclay.fr\/wp-content\/uploads\/2024\/03\/image072-200x97.jpg 200w, http:\/\/www.lac.universite-paris-saclay.fr\/wp-content\/uploads\/2024\/03\/image072-400x195.jpg 400w, http:\/\/www.lac.universite-paris-saclay.fr\/wp-content\/uploads\/2024\/03\/image072-1200x584.jpg 1200w\" sizes=\"(max-width: 709px) 85vw, (max-width: 909px) 67vw, (max-width: 1362px) 62vw, 840px\" \/> <img loading=\"lazy\" decoding=\"async\" class=\"alignnone size-full wp-image-4810\" src=\"http:\/\/www.lac.universite-paris-saclay.fr\/wp-content\/uploads\/2024\/03\/image074.jpg\" alt=\"\" width=\"1386\" height=\"674\" srcset=\"http:\/\/www.lac.universite-paris-saclay.fr\/wp-content\/uploads\/2024\/03\/image074.jpg 1386w, http:\/\/www.lac.universite-paris-saclay.fr\/wp-content\/uploads\/2024\/03\/image074-300x146.jpg 300w, http:\/\/www.lac.universite-paris-saclay.fr\/wp-content\/uploads\/2024\/03\/image074-1024x498.jpg 1024w, http:\/\/www.lac.universite-paris-saclay.fr\/wp-content\/uploads\/2024\/03\/image074-768x373.jpg 768w, http:\/\/www.lac.universite-paris-saclay.fr\/wp-content\/uploads\/2024\/03\/image074-200x97.jpg 200w, http:\/\/www.lac.universite-paris-saclay.fr\/wp-content\/uploads\/2024\/03\/image074-400x195.jpg 400w, http:\/\/www.lac.universite-paris-saclay.fr\/wp-content\/uploads\/2024\/03\/image074-1200x584.jpg 1200w\" sizes=\"(max-width: 709px) 85vw, (max-width: 909px) 67vw, (max-width: 1362px) 62vw, 840px\" \/><\/p>\n<p>\u00a0<\/p>\n<p style=\"text-align: center;\"><strong>Remerciements<\/strong><\/p>\n<p><strong>Projet OPO, \u00e9quipe GLOP 2017<\/strong><\/p>\n<p><strong>\u00a0<\/strong>Suite \u00e0 un probl\u00e8me de vibrations, qui perturbait consid\u00e9rablement leur prise de donn\u00e9e sur ce type d\u2019OPO, je leur ai propos\u00e9 de changer leurs supports de miroirs commerciaux par des supports de miroir maison liaison trait point plan permettant une meilleure surface de contact avec la table et une meilleure stabilit\u00e9 intra cavit\u00e9. J\u2019ai con\u00e7u le four avec un cristal de PPSLT, compact et stable en temp\u00e9rature, (Optics Express Vol. 25, Issue 8, pp. 9049-9060 (2017))<\/p>\n<p><strong>Projet LASANTI, \u00e9quipes MFC 2022<\/strong><\/p>\n<p>Ce projet concerne le d\u00e9veloppement d\u2019un laser puls\u00e9 Sa-Ti inject\u00e9 et doubl\u00e9 en fr\u00e9quence, ce laser aura pour but une excitation d\u2019antihydrog\u00e8ne et de positronium dans des \u00e9tats de Rydberg pour former un jet destin\u00e9 au CERN (SUISSE). Une publication\u00a0: (A Rydberg hydrogen beam for studies of stimulated deexcitation, European Physical Journal Web of conferences).<\/p>\n<p><strong>Appr\u00e9ciations direction sur dossiers annuels\u00a0:<\/strong><\/p>\n<ul>\n<li><a href=\"\/wp-content\/uploads\/2024\/03\/2020.pdf\">2020<\/a><\/li>\n<li><a href=\"\/wp-content\/uploads\/2024\/03\/2021.pdf\">2021<\/a><\/li>\n<li><a href=\"\/wp-content\/uploads\/2024\/03\/2022.pdf\">2022<\/a><\/li>\n<li><a href=\"\/wp-content\/uploads\/2024\/03\/2023.pdf\">2023<\/a><\/li>\n<\/ul>\n\n\n<p><\/p>\n","protected":false},"excerpt":{"rendered":"<p>\u00a0 Christophe Siour Assistant Ing\u00e9nieur en Optique et LASER depuis 2009 Coordinateur LAC TECH\u2019 Responsable Infrastructures des exp\u00e9riences Assistant de pr\u00e9vention depuis 2015 Membre \u00e9lus du conseil de Laboratoire et &hellip; <a href=\"http:\/\/www.lac.universite-paris-saclay.fr\/?page_id=4735\" class=\"more-link\">Continue reading<span class=\"screen-reader-text\"> &#8220;Christophe Siour&#8221;<\/span><\/a><\/p>\n","protected":false},"author":1,"featured_media":0,"parent":0,"menu_order":0,"comment_status":"closed","ping_status":"closed","template":"","meta":{"footnotes":""},"class_list":["post-4735","page","type-page","status-publish","hentry"],"featured_image_src":null,"yoast_head":"<!-- This site is optimized with the Yoast SEO plugin v25.6 - https:\/\/yoast.com\/wordpress\/plugins\/seo\/ -->\n<title>Christophe Siour - LAC<\/title>\n<meta name=\"robots\" content=\"index, follow, max-snippet:-1, max-image-preview:large, max-video-preview:-1\" \/>\n<link rel=\"canonical\" href=\"http:\/\/www.lac.universite-paris-saclay.fr\/?page_id=4735\" \/>\n<meta name=\"twitter:card\" content=\"summary_large_image\" \/>\n<meta name=\"twitter:title\" content=\"Christophe Siour - LAC\" \/>\n<meta name=\"twitter:description\" content=\"\u00a0 Christophe Siour Assistant Ing\u00e9nieur en Optique et LASER depuis 2009 Coordinateur LAC TECH\u2019 Responsable Infrastructures des exp\u00e9riences Assistant de pr\u00e9vention depuis 2015 Membre \u00e9lus du conseil de Laboratoire et &hellip; Continue reading &quot;Christophe Siour&quot;\" \/>\n<meta name=\"twitter:image\" content=\"http:\/\/www.lac.universite-paris-saclay.fr\/wp-content\/uploads\/2024\/03\/cs.png\" \/>\n<meta name=\"twitter:label1\" content=\"Est. reading time\" \/>\n\t<meta name=\"twitter:data1\" content=\"13 minutes\" \/>\n<script type=\"application\/ld+json\" class=\"yoast-schema-graph\">{\"@context\":\"https:\/\/schema.org\",\"@graph\":[{\"@type\":\"WebPage\",\"@id\":\"http:\/\/www.lac.universite-paris-saclay.fr\/?page_id=4735\",\"url\":\"http:\/\/www.lac.universite-paris-saclay.fr\/?page_id=4735\",\"name\":\"Christophe Siour - LAC\",\"isPartOf\":{\"@id\":\"http:\/\/www.lac.universite-paris-saclay.fr\/#website\"},\"primaryImageOfPage\":{\"@id\":\"http:\/\/www.lac.universite-paris-saclay.fr\/?page_id=4735#primaryimage\"},\"image\":{\"@id\":\"http:\/\/www.lac.universite-paris-saclay.fr\/?page_id=4735#primaryimage\"},\"thumbnailUrl\":\"http:\/\/www.lac.universite-paris-saclay.fr\/wp-content\/uploads\/2024\/03\/cs-150x150.png\",\"datePublished\":\"2024-03-04T15:05:34+00:00\",\"dateModified\":\"2024-03-06T15:16:17+00:00\",\"breadcrumb\":{\"@id\":\"http:\/\/www.lac.universite-paris-saclay.fr\/?page_id=4735#breadcrumb\"},\"inLanguage\":\"en-US\",\"potentialAction\":[{\"@type\":\"ReadAction\",\"target\":[\"http:\/\/www.lac.universite-paris-saclay.fr\/?page_id=4735\"]}]},{\"@type\":\"ImageObject\",\"inLanguage\":\"en-US\",\"@id\":\"http:\/\/www.lac.universite-paris-saclay.fr\/?page_id=4735#primaryimage\",\"url\":\"http:\/\/www.lac.universite-paris-saclay.fr\/wp-content\/uploads\/2024\/03\/cs.png\",\"contentUrl\":\"http:\/\/www.lac.universite-paris-saclay.fr\/wp-content\/uploads\/2024\/03\/cs.png\",\"width\":2316,\"height\":3088},{\"@type\":\"BreadcrumbList\",\"@id\":\"http:\/\/www.lac.universite-paris-saclay.fr\/?page_id=4735#breadcrumb\",\"itemListElement\":[{\"@type\":\"ListItem\",\"position\":1,\"name\":\"Accueil\",\"item\":\"http:\/\/www.lac.universite-paris-saclay.fr\/\"},{\"@type\":\"ListItem\",\"position\":2,\"name\":\"Christophe Siour\"}]},{\"@type\":\"WebSite\",\"@id\":\"http:\/\/www.lac.universite-paris-saclay.fr\/#website\",\"url\":\"http:\/\/www.lac.universite-paris-saclay.fr\/\",\"name\":\"LAC\",\"description\":\"Laboratoire Aim\u00e9 Cotton\",\"publisher\":{\"@id\":\"http:\/\/www.lac.universite-paris-saclay.fr\/#organization\"},\"potentialAction\":[{\"@type\":\"SearchAction\",\"target\":{\"@type\":\"EntryPoint\",\"urlTemplate\":\"http:\/\/www.lac.universite-paris-saclay.fr\/?s={search_term_string}\"},\"query-input\":{\"@type\":\"PropertyValueSpecification\",\"valueRequired\":true,\"valueName\":\"search_term_string\"}}],\"inLanguage\":\"en-US\"},{\"@type\":\"Organization\",\"@id\":\"http:\/\/www.lac.universite-paris-saclay.fr\/#organization\",\"name\":\"LAC\",\"url\":\"http:\/\/www.lac.universite-paris-saclay.fr\/\",\"logo\":{\"@type\":\"ImageObject\",\"inLanguage\":\"en-US\",\"@id\":\"http:\/\/www.lac.universite-paris-saclay.fr\/#\/schema\/logo\/image\/\",\"url\":\"http:\/\/www.lac.universite-paris-saclay.fr\/wp-content\/uploads\/2022\/01\/cropped-logo_LAC-240.png\",\"contentUrl\":\"http:\/\/www.lac.universite-paris-saclay.fr\/wp-content\/uploads\/2022\/01\/cropped-logo_LAC-240.png\",\"width\":240,\"height\":76,\"caption\":\"LAC\"},\"image\":{\"@id\":\"http:\/\/www.lac.universite-paris-saclay.fr\/#\/schema\/logo\/image\/\"}}]}<\/script>\n<!-- \/ Yoast SEO plugin. -->","yoast_head_json":{"title":"Christophe Siour - LAC","robots":{"index":"index","follow":"follow","max-snippet":"max-snippet:-1","max-image-preview":"max-image-preview:large","max-video-preview":"max-video-preview:-1"},"canonical":"http:\/\/www.lac.universite-paris-saclay.fr\/?page_id=4735","twitter_card":"summary_large_image","twitter_title":"Christophe Siour - LAC","twitter_description":"\u00a0 Christophe Siour Assistant Ing\u00e9nieur en Optique et LASER depuis 2009 Coordinateur LAC TECH\u2019 Responsable Infrastructures des exp\u00e9riences Assistant de pr\u00e9vention depuis 2015 Membre \u00e9lus du conseil de Laboratoire et &hellip; Continue reading \"Christophe Siour\"","twitter_image":"http:\/\/www.lac.universite-paris-saclay.fr\/wp-content\/uploads\/2024\/03\/cs.png","twitter_misc":{"Est. reading time":"13 minutes"},"schema":{"@context":"https:\/\/schema.org","@graph":[{"@type":"WebPage","@id":"http:\/\/www.lac.universite-paris-saclay.fr\/?page_id=4735","url":"http:\/\/www.lac.universite-paris-saclay.fr\/?page_id=4735","name":"Christophe Siour - LAC","isPartOf":{"@id":"http:\/\/www.lac.universite-paris-saclay.fr\/#website"},"primaryImageOfPage":{"@id":"http:\/\/www.lac.universite-paris-saclay.fr\/?page_id=4735#primaryimage"},"image":{"@id":"http:\/\/www.lac.universite-paris-saclay.fr\/?page_id=4735#primaryimage"},"thumbnailUrl":"http:\/\/www.lac.universite-paris-saclay.fr\/wp-content\/uploads\/2024\/03\/cs-150x150.png","datePublished":"2024-03-04T15:05:34+00:00","dateModified":"2024-03-06T15:16:17+00:00","breadcrumb":{"@id":"http:\/\/www.lac.universite-paris-saclay.fr\/?page_id=4735#breadcrumb"},"inLanguage":"en-US","potentialAction":[{"@type":"ReadAction","target":["http:\/\/www.lac.universite-paris-saclay.fr\/?page_id=4735"]}]},{"@type":"ImageObject","inLanguage":"en-US","@id":"http:\/\/www.lac.universite-paris-saclay.fr\/?page_id=4735#primaryimage","url":"http:\/\/www.lac.universite-paris-saclay.fr\/wp-content\/uploads\/2024\/03\/cs.png","contentUrl":"http:\/\/www.lac.universite-paris-saclay.fr\/wp-content\/uploads\/2024\/03\/cs.png","width":2316,"height":3088},{"@type":"BreadcrumbList","@id":"http:\/\/www.lac.universite-paris-saclay.fr\/?page_id=4735#breadcrumb","itemListElement":[{"@type":"ListItem","position":1,"name":"Accueil","item":"http:\/\/www.lac.universite-paris-saclay.fr\/"},{"@type":"ListItem","position":2,"name":"Christophe Siour"}]},{"@type":"WebSite","@id":"http:\/\/www.lac.universite-paris-saclay.fr\/#website","url":"http:\/\/www.lac.universite-paris-saclay.fr\/","name":"LAC","description":"Laboratoire Aim\u00e9 Cotton","publisher":{"@id":"http:\/\/www.lac.universite-paris-saclay.fr\/#organization"},"potentialAction":[{"@type":"SearchAction","target":{"@type":"EntryPoint","urlTemplate":"http:\/\/www.lac.universite-paris-saclay.fr\/?s={search_term_string}"},"query-input":{"@type":"PropertyValueSpecification","valueRequired":true,"valueName":"search_term_string"}}],"inLanguage":"en-US"},{"@type":"Organization","@id":"http:\/\/www.lac.universite-paris-saclay.fr\/#organization","name":"LAC","url":"http:\/\/www.lac.universite-paris-saclay.fr\/","logo":{"@type":"ImageObject","inLanguage":"en-US","@id":"http:\/\/www.lac.universite-paris-saclay.fr\/#\/schema\/logo\/image\/","url":"http:\/\/www.lac.universite-paris-saclay.fr\/wp-content\/uploads\/2022\/01\/cropped-logo_LAC-240.png","contentUrl":"http:\/\/www.lac.universite-paris-saclay.fr\/wp-content\/uploads\/2022\/01\/cropped-logo_LAC-240.png","width":240,"height":76,"caption":"LAC"},"image":{"@id":"http:\/\/www.lac.universite-paris-saclay.fr\/#\/schema\/logo\/image\/"}}]}},"_links":{"self":[{"href":"http:\/\/www.lac.universite-paris-saclay.fr\/index.php?rest_route=\/wp\/v2\/pages\/4735"}],"collection":[{"href":"http:\/\/www.lac.universite-paris-saclay.fr\/index.php?rest_route=\/wp\/v2\/pages"}],"about":[{"href":"http:\/\/www.lac.universite-paris-saclay.fr\/index.php?rest_route=\/wp\/v2\/types\/page"}],"author":[{"embeddable":true,"href":"http:\/\/www.lac.universite-paris-saclay.fr\/index.php?rest_route=\/wp\/v2\/users\/1"}],"replies":[{"embeddable":true,"href":"http:\/\/www.lac.universite-paris-saclay.fr\/index.php?rest_route=%2Fwp%2Fv2%2Fcomments&post=4735"}],"version-history":[{"count":48,"href":"http:\/\/www.lac.universite-paris-saclay.fr\/index.php?rest_route=\/wp\/v2\/pages\/4735\/revisions"}],"predecessor-version":[{"id":4892,"href":"http:\/\/www.lac.universite-paris-saclay.fr\/index.php?rest_route=\/wp\/v2\/pages\/4735\/revisions\/4892"}],"wp:attachment":[{"href":"http:\/\/www.lac.universite-paris-saclay.fr\/index.php?rest_route=%2Fwp%2Fv2%2Fmedia&parent=4735"}],"curies":[{"name":"wp","href":"https:\/\/api.w.org\/{rel}","templated":true}]}}